{"id":8,"date":"2017-07-03T14:47:26","date_gmt":"2017-07-03T12:47:26","guid":{"rendered":"http:\/\/fens.if.pw.edu.pl\/krab\/?page_id=8"},"modified":"2017-09-18T21:11:29","modified_gmt":"2017-09-18T19:11:29","slug":"poprzednie-sympozja","status":"publish","type":"page","link":"https:\/\/fens.org.pl\/krab\/poprzednie-sympozja\/","title":{"rendered":"Poprzednie sympozja"},"content":{"rendered":"<h2>14. Sympozjum Krajowej Rady Koordynator\u00f3w Projekt\u00f3w Badawczych UE KRAB, 3-4 listopada 2016, Centrum Zarz\u0105dzania Innowacjami i Transferem Technologii PW ul. Rektorska 4, Warszawa<\/h2>\n<p>Krajowa Rada Koordynator\u00f3w Projekt\u00f3w Badawczych UE serdecznie zaprasza do udzia\u0142u w XIV Sympozjum KRAB, kt\u00f3rego wsp\u00f3\u0142organizatorem i gospodarzem b\u0119dzie Politechnika Warszawska. Sympozjum odb\u0119dzie si\u0119 3-4 listopada 2016 r. w Gmachu Centrum Zarz\u0105dzania Innowacjami i Transferem Technologii PW, ul. Rektorska 4, Warszawa.<\/p>\n<p>Z uwagi na du\u017ce zainteresowanie uczestnictwem w Sympozjum\u00a0<strong>rejestracja zosta\u0142a przed\u0142u\u017cona do dnia 28.10.2016 do godziny 13:00.<\/strong><\/p>\n<p>Sympozjum po\u015bwi\u0119cone b\u0119dzie projektom badawczym prowadzonym w ramach Horyzontu 2020 ze szczeg\u00f3lnym uwzgl\u0119dnieniem:<br \/>\n1. Projekt\u00f3w Europejskiej Rady Nauki (ERC) (Wybrane informacje o Projektach ERC s\u0105\u00a0<a href=\"http:\/\/krab.fizyka.pw.edu.pl\/projektyERC.html\">tutaj<\/a>)<br \/>\n2. Projekt\u00f3w Akcji Marii Sk\u0142odowskiej-Curie<\/p>\n<p>Spodziewamy si\u0119, \u017ce w Sympozjum we\u017amie udzia\u0142 oko\u0142o 100 uczestnik\u00f3w: naukowc\u00f3w, przedstawicieli m.in. nast\u0119puj\u0105cych Instytucji:<br \/>\n&#8211; Ministerstwa Nauki i Szkolnictwa Wy\u017cszego<br \/>\n&#8211; Krajowego Punktu Kontaktowego Program\u00f3w Badawczych UE<br \/>\n&#8211; Biura ds. Doskona\u0142o\u015bci Naukowej PAN<\/p>\n<p>W trakcie Sympozjum przewidziane s\u0105 m.in. wyst\u0105pienia\u00a0<b>dziesi\u0119ciu laureat\u00f3w grant\u00f3w ERC<\/b>\u00a0oraz kilkunastu\u00a0<b>koordynator\u00f3w i partner\u00f3w projekt\u00f3w Marii Sk\u0142odowskiej-Curie<\/b>\u00a0(RISE, ITN, IF i innych). Program Sympozjum dost\u0119pny jest\u00a0<a href=\"http:\/\/krab14.syskonf.pl\/program\">tutaj<\/a>.<\/p>\n<p><s>Koszt uczestnictwa wynosi 250 z\u0142 (obejmuje posi\u0142ki oraz bankiet, nie obejmuje podr\u00f3\u017cy i zakwaterowania). Przepraszamy, \u017ce w tym roku uczestnictwo w Sympozjum wymaga op\u0142aty, ale z uwagi na zmian\u0119 przepis\u00f3w dotycz\u0105cych koszt\u00f3w po\u015brednich w Programie Horyzont 2020 dysponujemy znacznie mniejszymi funduszami.<\/s>\u00a0#\u00a0<span style=\"color: red;\">Z przyjemno\u015bci\u0105 zawiadamiamy, \u017ce Sympozjum otrzyma\u0142o dofinansowanie, kt\u00f3re pozwala na zwolnienie z op\u0142aty konferencyjnej. Prosimy o wpisywanie na formularzu rejestracyjnym w polu UWAGI informacji, czy chce Pani\/Pan by\u0107 zwolniony z op\u0142aty.<\/span>\u00a0Dla prelegent\u00f3w i go\u015bci zaproszonych uczestnictwo w Sympozjum jest bezp\u0142atne. Rejestracj\u0119 zamykamy 25 pa\u017adziernika (dowody wp\u0142aty do 27 pa\u017adziernika),\u00a0<span style=\"color: red;\">liczba miejsc ograniczona<\/span>, decyduje kolejno\u015b\u0107 zg\u0142osze\u0144.<\/p>\n<p>Bankiet Sympozjum planowany jest na 3 listopada o godzinie 19:10.<\/p>\n<p>Dysponujemy ograniczon\u0105 liczb\u0105 miejsc parkingowych dla prelegent\u00f3w i go\u015bci zaproszonych. Zainteresowane osoby prosimy o podanie numeru rejestracyjnego, marki i koloru samochodu w Uwagach formularza rejestracyjnego.<\/p>\n<p><strong><span style=\"color: red;\">3 listopada o godz. 17:20 odb\u0119dzie si\u0119 r\u00f3wnie\u017c otwarte Walne Zebranie Sprawozdawczo-Wyborcze KRAB.<\/span><\/strong>\u00a0Proponowany porz\u0105dek obrad jest\u00a0<a href=\"http:\/\/krab.fizyka.pw.edu.pl\/zebranie.html\">tutaj<\/a><\/p>\n<p>Zapraszamy do rejestracji na stronie:\u00a0<a href=\"http:\/\/krab14.syskonf.pl\/\">http:\/\/krab14.syskonf.pl<\/a>\u00a0oraz do zg\u0142aszania wyst\u0105pie\u0144 na Sympozjum w trakcie Sesji plakatowych.<\/p>\n<p>Tytu\u0142y ewentualnych plakat\u00f3w prosimy podawa\u0107 na formularzu rejestracyjnym w polu Uwagi.<\/p>\n<p>Serdecznie zapraszamy!<\/p>\n<p align=\"right\">prof. dr hab. in\u017c. Janusz Ho\u0142yst<br \/>\nPrezes Zarz\u0105du KRAB<\/p>\n<h2>XIII Sympozjum Krajowej Rady Koordynator\u00f3w Projekt\u00f3w Badawczych UE (KRAB) &#8211; 02.12.2015, \u015awierk k\/Warszawy<\/h2>\n<p>Wsp\u00f3\u0142organizatorem i gospodarzem\u00a0<b>13. Sympozjum KRAB<\/b>\u00a0by\u0142o\u00a0<b>Narodowe Centrum Bada\u0144 J\u0105drowych<\/b>\u00a0w \u015awierku.<\/p>\n<p>Sympozjum odby\u0142o si\u0119 w dniu\u00a0<b>2 grudnia 2015<\/b>\u00a0w godzinach 10:00-17:30.<\/p>\n<p>&nbsp;<\/p>\n<p align=\"center\"><a href=\"http:\/\/krab.fizyka.pw.edu.pl\/krab13.html\">Prezentacje wyg\u0142oszone na Sympozjum<\/a><\/p>\n<p align=\"center\"><a href=\"http:\/\/krab.fizyka.pw.edu.pl\/krab13\/KRAB13_prezentacje.zip\">ZIP ze wszystkimi prezentacjami (do pobrania)<\/a><\/p>\n<p align=\"center\"><a href=\"http:\/\/krab.fizyka.pw.edu.pl\/krab2014\/foto.zip\">Zdj\u0119cia (do pobrania)<\/a><\/p>\n<p>&nbsp;<\/p>\n<p>Celem 13. Sympozjum KRAB by\u0142o zapoznanie uczestnik\u00f3w z projektami badawczymi prowadzonymi w ramach Horyzontu 2020 i innych Program\u00f3w EU ze szczeg\u00f3lnym uwzgl\u0119dnieniem pozyskiwania i realizacji projekt\u00f3w we wsp\u00f3\u0142pracy z przemys\u0142em. W Sympozjum wzi\u0119\u0142o udzia\u0142 75 uczestnik\u00f3w. Materia\u0142y z tego i poprzednich Sympozj\u00f3w KRAB s\u0105 dost\u0119pne w zak\u0142adce\u00a0<a href=\"http:\/\/krab.fizyka.pw.edu.pl\/poprzednie.php\">Poprzednie sympozja<\/a>.<\/p>\n<p>&nbsp;<\/p>\n<p><b>Tematyka Sympozjum obj\u0119\u0142a m.in:<\/b><\/p>\n<p>1. Informacje o osi\u0105gni\u0119ciach polskich zespo\u0142\u00f3w badawczych w programie<\/p>\n<p>2. Informacje o narz\u0119dziach wsparcia dla polskich zespo\u0142\u00f3w badawczych startuj\u0105cych w konkursach Programu HORYZONT 2020 i dyskusja nad barierami Programu HORYZONT 2020 w Polsce.<\/p>\n<p>3. Problemy pozyskiwania i realizacji projekt\u00f3w H2020 we wsp\u00f3\u0142pracy z przemys\u0142em.<\/p>\n<p><b>Obecni byli przedstawiciele:<\/b><\/p>\n<p>&#8211; Ministerstwa Nauki i Szkolnictwa Wy\u017cszego<\/p>\n<p>&#8211; Narodowego Centrum Bada\u0144 i Rozwoju (NCBR)<\/p>\n<p>&#8211; Krajowego Punktu Kontaktowego Program\u00f3w Badawczych UE<\/p>\n<p><b>W trakcie Sympozjum odby\u0142o si\u0119 Walne Zebranie Stowarzyszenia KRAB.<\/b><\/p>\n<p>Mi\u0142o nam poinformowa\u0107, \u017ce\u00a0<b>Patronat Honorowy nad Sympozjum<\/b>\u00a0obj\u0105\u0142<b>Marsza\u0142ek Wojew\u00f3dztwa Mazowieckiego<\/b>,\u00a0<b>Adam Struzik<\/b>.<\/p>\n<p align=\"right\">prof. dr hab. Janusz Ho\u0142yst<br \/>\nPrezes Zarz\u0105du KRAB<\/p>\n<h2>XII SYMPOZJUM, 14-15 MAJA 2015 R., POLITECHNIKA \u0141\u00d3DZKA<\/h2>\n<p><a href=\"http:\/\/krab2015.syskonf.pl\/\">http:\/\/krab2015.syskonf.pl\/<\/a><\/p>\n<p>Sympozjum odby\u0142o si\u0119 w dn. 14-15 maja 2015 roku na Politechnice \u0141\u00f3dzkiej.<\/p>\n<p><a href=\"http:\/\/krab.fizyka.pw.edu.pl\/poprzednie.php?p=XII&amp;co=info\">wi\u0119cej informacji&gt;\u00a0<\/a>|\u00a0<a href=\"http:\/\/krab.fizyka.pw.edu.pl\/poprzednie.php?p=XII&amp;co=lista\">lista uczestnik\u00f3w&gt;\u00a0<\/a><\/p>\n<p align=\"center\"><a href=\"http:\/\/krab.fizyka.pw.edu.pl\/krab2015.html\">Prezentacje wyg\u0142oszone na Sympozjum<\/a><\/p>\n<p align=\"center\"><a href=\"http:\/\/krab.fizyka.pw.edu.pl\/krab2015\/prezentacje.zip\">ZIP ze wszystkimi prezentacjami (do pobrania)<\/a><\/p>\n<p align=\"center\"><a href=\"http:\/\/krab.fizyka.pw.edu.pl\/krab2015\/foto.zip\">Zdj\u0119cia (do pobrania)<\/a><\/p>\n<p><a href=\"http:\/\/krab.edu.pl\/krab2015\/List_od_Wiceministra_W_Ducha.pdf\">List od Podsekretarza Stanu Ministerstwa Nauki i Szkolnictwa Wy\u017cszego prof. W\u0142odzis\u0142awa Ducha<\/a><\/p>\n<p><a href=\"http:\/\/krab.edu.pl\/krab2015\/Podziekowanie_od_prezydent_Lodzi.pdf\">Podziekowanie za zaproszenie na Sympozjum KRABA od Pani Prezydent \u0141odzi<\/a><\/p>\n<h2>XI SYMPOZJUM, 13 LISTOPADA 2014 R., Katowice<\/h2>\n<p>&nbsp;<\/p>\n<p><center><a href=\"http:\/\/krab2014.syskonf.pl\/\">http:\/\/krab2014.syskonf.pl\/<\/a><br \/>\nSympozjum odby\u0142o si\u0119 13 listopada 2014 roku w Hotelu QUBUS w Katowicach.<\/p>\n<p><a href=\"http:\/\/krab.fizyka.pw.edu.pl\/poprzednie.php?p=XI&amp;co=info\">wi\u0119cej informacji&gt;\u00a0<\/a>|\u00a0<a href=\"http:\/\/krab.fizyka.pw.edu.pl\/poprzednie.php?p=XI&amp;co=lista\">lista uczestnik\u00f3w&gt;\u00a0<\/a><\/p>\n<p align=\"center\"><a href=\"http:\/\/krab.fizyka.pw.edu.pl\/krab2014.html\">Prezentacje wyg\u0142oszone na Sympozjum<\/a><\/p>\n<p align=\"center\"><a href=\"http:\/\/krab.fizyka.pw.edu.pl\/krab2014\/prezentacje.zip\">ZIP ze wszystkimi prezentacjami (do pobrania)<\/a><\/p>\n<p align=\"center\"><a href=\"http:\/\/krab.fizyka.pw.edu.pl\/krab2014\/foto.zip\">Zdj\u0119cia (do pobrania)<\/a><\/p>\n<h2>X SYMPOZJUM, 28 LISTOPADA 2013 R., WARSZAWA<\/h2>\n<p><center><a href=\"http:\/\/krab2013pw.syskonf.pl\/\">http:\/\/krab2013pw.syskonf.pl\/<\/a><br \/>\nSympozjum odby\u0142o si\u0119 28 listopada 2013 roku w Audytorium Centralnym Gmachu Elektroniki i Technik Informacyjnych Politechniki Warszawskiej.<\/p>\n<p><a href=\"http:\/\/krab.fizyka.pw.edu.pl\/poprzednie.php?p=X&amp;co=info\">wi\u0119cej informacji&gt;\u00a0<\/a>|\u00a0<a href=\"http:\/\/krab.fizyka.pw.edu.pl\/poprzednie.php?p=X&amp;co=lista\">lista uczestnik\u00f3w&gt;\u00a0<\/a><\/p>\n<h2>IX Sympozjum &#8211; HORYZONT 2020. PROJEKTY UNII EUROPEJSKIEJ I WDRO\u017bENIA<\/h2>\n<p><center><a href=\"http:\/\/9sympozjumkrabpoznan2013.syskonf.pl\/\">http:\/\/9sympozjumkrabpoznan2013.syskonf.pl\/<\/a><br \/>\nSympozjum odby\u0142o si\u0119 17 maja 2013 roku w Poznaniu.<\/p>\n<p><a href=\"http:\/\/krab.fizyka.pw.edu.pl\/poprzednie.php?p=IX&amp;co=info\">wi\u0119cej informacji&gt;\u00a0<\/a><\/p>\n<h2>VIII Sympozjum &#8211; Krak\u00f3w, AGH, Katedra Telekomunikacji<\/h2>\n<p><center><a href=\"http:\/\/krab2013h2020.syskonf.pl\/\">http:\/\/krab2013h2020.syskonf.pl\/<\/a><br \/>\nSympozjum odby\u0142o si\u0119 17 stycznia 2013 roku w Klubie Profesora Akademii G\u00f3rniczo Hutniczej w Krakowie.<\/p>\n<p><a href=\"http:\/\/krab.fizyka.pw.edu.pl\/poprzednie.php?p=VIII&amp;co=info\">wi\u0119cej informacji&gt;\u00a0<\/a>|\u00a0<a href=\"http:\/\/krab.fizyka.pw.edu.pl\/poprzednie.php?p=VIII&amp;co=lista\">lista uczestnik\u00f3w&gt;\u00a0<\/a><\/center><\/center><\/center><\/center><\/p>\n","protected":false},"excerpt":{"rendered":"<p>14. Sympozjum Krajowej Rady Koordynator\u00f3w Projekt\u00f3w Badawczych UE KRAB, 3-4 listopada 2016, Centrum Zarz\u0105dzania Innowacjami i Transferem Technologii PW ul. Rektorska 4, Warszawa Krajowa Rada Koordynator\u00f3w Projekt\u00f3w Badawczych UE serdecznie zaprasza do udzia\u0142u w XIV Sympozjum KRAB, kt\u00f3rego wsp\u00f3\u0142organizatorem i gospodarzem b\u0119dzie Politechnika Warszawska. Sympozjum odb\u0119dzie si\u0119 3-4 listopada 2016 r. w Gmachu Centrum Zarz\u0105dzania &#8230; <a title=\"Poprzednie sympozja\" class=\"read-more\" href=\"https:\/\/fens.org.pl\/krab\/poprzednie-sympozja\/\" aria-label=\"More on Poprzednie sympozja\">Read more<\/a><\/p>\n","protected":false},"author":1,"featured_media":0,"parent":0,"menu_order":0,"comment_status":"closed","ping_status":"closed","template":"","meta":[],"_links":{"self":[{"href":"https:\/\/fens.org.pl\/krab\/wp-json\/wp\/v2\/pages\/8"}],"collection":[{"href":"https:\/\/fens.org.pl\/krab\/wp-json\/wp\/v2\/pages"}],"about":[{"href":"https:\/\/fens.org.pl\/krab\/wp-json\/wp\/v2\/types\/page"}],"author":[{"embeddable":true,"href":"https:\/\/fens.org.pl\/krab\/wp-json\/wp\/v2\/users\/1"}],"replies":[{"embeddable":true,"href":"https:\/\/fens.org.pl\/krab\/wp-json\/wp\/v2\/comments?post=8"}],"version-history":[{"count":3,"href":"https:\/\/fens.org.pl\/krab\/wp-json\/wp\/v2\/pages\/8\/revisions"}],"predecessor-version":[{"id":106,"href":"https:\/\/fens.org.pl\/krab\/wp-json\/wp\/v2\/pages\/8\/revisions\/106"}],"wp:attachment":[{"href":"https:\/\/fens.org.pl\/krab\/wp-json\/wp\/v2\/media?parent=8"}],"curies":[{"name":"wp","href":"https:\/\/api.w.org\/{rel}","templated":true}]}}