{"id":12,"date":"2017-07-03T14:47:53","date_gmt":"2017-07-03T12:47:53","guid":{"rendered":"http:\/\/fens.if.pw.edu.pl\/krab\/?page_id=12"},"modified":"2023-03-15T21:59:22","modified_gmt":"2023-03-15T21:59:22","slug":"deklaracje-czlonkowskie","status":"publish","type":"page","link":"https:\/\/fens.org.pl\/krab\/deklaracje-czlonkowskie\/","title":{"rendered":"Deklaracje cz\u0142onkowskie"},"content":{"rendered":"<p>Zgodnie z \u00a7 8 ust. 1, 2\u00a0<a href=\"http:\/\/krab.fizyka.pw.edu.pl\/Statut.doc\">Statutu<\/a>,\u00a0<b>cz\u0142onkiem zwyczajnym<\/b>\u00a0Stowarzyszenia mo\u017ce by\u0107 osoba fizyczna, kt\u00f3ra zosta\u0142a wyznaczona przez polsk\u0105 instytucj\u0119 koordynuj\u0105c\u0105 projekt badawczy UE do prowadzenia tego projektu (Koordynator). Osoba ta staje si\u0119 cz\u0142onkiem zwyczajnym na podstawie uchwa\u0142y Zarz\u0105du Stowarzyszenia podj\u0119tej w nast\u0119pstwie z\u0142o\u017cenia przez t\u0119 osob\u0119 pisemnej deklaracji cz\u0142onkowskiej oraz udokumentowania jej funkcji w projekcie.<\/p>\n<p><a href=\"http:\/\/krab.edu.pl\/deklaracja_czl_zw.doc\">Pobierz deklaracj\u0119 cz\u0142onkowsk\u0105 dla kandydata na cz\u0142onka zwyczajnego.<\/a><\/p>\n<hr \/>\n<p>Zgodnie z \u00a7 8 ust. 3, 4\u00a0<a href=\"http:\/\/krab.fizyka.pw.edu.pl\/Statut.doc\">Statutu<\/a>,\u00a0<b>cz\u0142onkiem stowarzyszonym<\/b>\u00a0mo\u017ce by\u0107 osoba fizyczna posiadaj\u0105ca do\u015bwiadczenie w zarz\u0105dzaniu projektami badawczymi UE. Osoba ta staje si\u0119 cz\u0142onkiem stowarzyszonym na podstawie uchwa\u0142y Zarz\u0105du Stowarzyszenia podj\u0119tej w nast\u0119pstwie z\u0142o\u017cenia przez t\u0119 osob\u0119 pisemnej deklaracji cz\u0142onkowskiej oraz przedstawieniu pozytywnej opinii jednego cz\u0142onka zwyczajnego.<\/p>\n<p><a href=\"http:\/\/krab.fizyka.pw.edu.pl\/deklaracja_czl_stow.doc\">Pobierz deklaracj\u0119 cz\u0142onkowsk\u0105 dla kandydata na cz\u0142onka stowarzyszonego.<\/a><\/p>\n<p><a href=\"http:\/\/krab.fizyka.pw.edu.pl\/opinia.pdf\">Pobierz formularz opinii.<\/a><\/p>\n<hr \/>\n<p>Zgodnie z \u00a7 8 ust. 5, 6\u00a0<a href=\"http:\/\/krab.fizyka.pw.edu.pl\/Statut.doc\">Statutu<\/a>,\u00a0<b>cz\u0142onkiem wspieraj\u0105cym<\/b>\u00a0mo\u017ce by\u0107 osoba fizyczna i prawna delkaruj\u0105ca pomoc finansow\u0105, rzeczow\u0105 lub merytoryczn\u0105 w realizacji cel\u00f3w Stowarzyszenia. Osoba ta staje si\u0119 cz\u0142onkiem wspieraj\u0105cym na podstawie uchwa\u0142y Zarz\u0105du Stowarzyszenia podj\u0119tej w nast\u0119pstwie z\u0142o\u017cenia przez t\u0119 osob\u0119 pisemnej deklaracji cz\u0142onkowskiej i okre\u015blaj\u0105cej jednocze\u015bnie zasady jej cz\u0142onkostwa w Stowarzyszeniu.<\/p>\n<p><a href=\"http:\/\/krab.fizyka.pw.edu.pl\/deklaracja_czl_wspier.doc\">Pobierz deklaracj\u0119 cz\u0142onkowsk\u0105 dla kandydata na cz\u0142onka wspieraj\u0105cego.<\/a><\/p>\n","protected":false},"excerpt":{"rendered":"<p>Zgodnie z \u00a7 8 ust. 1, 2\u00a0Statutu,\u00a0cz\u0142onkiem zwyczajnym\u00a0Stowarzyszenia mo\u017ce by\u0107 osoba fizyczna, kt\u00f3ra zosta\u0142a wyznaczona przez polsk\u0105 instytucj\u0119 koordynuj\u0105c\u0105 projekt badawczy UE do prowadzenia tego projektu (Koordynator). Osoba ta staje si\u0119 cz\u0142onkiem zwyczajnym na podstawie uchwa\u0142y Zarz\u0105du Stowarzyszenia podj\u0119tej w nast\u0119pstwie z\u0142o\u017cenia przez t\u0119 osob\u0119 pisemnej deklaracji cz\u0142onkowskiej oraz udokumentowania jej funkcji w projekcie. Pobierz &#8230; <a title=\"Deklaracje cz\u0142onkowskie\" class=\"read-more\" href=\"https:\/\/fens.org.pl\/krab\/deklaracje-czlonkowskie\/\" aria-label=\"More on Deklaracje cz\u0142onkowskie\">Read more<\/a><\/p>\n","protected":false},"author":1,"featured_media":0,"parent":0,"menu_order":0,"comment_status":"closed","ping_status":"closed","template":"","meta":[],"_links":{"self":[{"href":"https:\/\/fens.org.pl\/krab\/wp-json\/wp\/v2\/pages\/12"}],"collection":[{"href":"https:\/\/fens.org.pl\/krab\/wp-json\/wp\/v2\/pages"}],"about":[{"href":"https:\/\/fens.org.pl\/krab\/wp-json\/wp\/v2\/types\/page"}],"author":[{"embeddable":true,"href":"https:\/\/fens.org.pl\/krab\/wp-json\/wp\/v2\/users\/1"}],"replies":[{"embeddable":true,"href":"https:\/\/fens.org.pl\/krab\/wp-json\/wp\/v2\/comments?post=12"}],"version-history":[{"count":3,"href":"https:\/\/fens.org.pl\/krab\/wp-json\/wp\/v2\/pages\/12\/revisions"}],"predecessor-version":[{"id":197,"href":"https:\/\/fens.org.pl\/krab\/wp-json\/wp\/v2\/pages\/12\/revisions\/197"}],"wp:attachment":[{"href":"https:\/\/fens.org.pl\/krab\/wp-json\/wp\/v2\/media?parent=12"}],"curies":[{"name":"wp","href":"https:\/\/api.w.org\/{rel}","templated":true}]}}